{"id":16,"date":"2014-12-28T21:27:06","date_gmt":"2014-12-28T21:27:06","guid":{"rendered":"https:\/\/www.fewo-schweicher-mitte.de\/?page_id=16"},"modified":"2024-12-17T06:14:27","modified_gmt":"2024-12-17T06:14:27","slug":"preise","status":"publish","type":"page","link":"https:\/\/www.fewo-schweicher-mitte.de\/?page_id=16","title":{"rendered":"Preise"},"content":{"rendered":"<p>Die Preise enthalten die Umsatzsteuer. Der Gesamtpreis errechnet sich aus den je nach Aufenthaltsdauer variierenden Mietkosten und aus der Personenanzahl. <br \/>Bei Direktbuchung (E-Mail oder Telefon) k\u00f6nnen Rabatte gew\u00e4hrt werden.<\/p>\n<p>2 \u00dcbernachtungen:<br \/>1 \u2013 2 Personen<br \/>85,00 \u20ac \/ Nacht<\/p>\n<p>jede weitere Person zuz\u00fcglich 25,00 \u20ac \/ Nacht \u00a0 <\/p>\n<p>&#8212;&#8212;&#8212;&#8212;&#8212;&#8212;&#8212;&#8212;&#8212;&#8212;&#8212;&#8212;&#8212;&#8212;&#8212;&#8212;&#8212;&#8212;&#8212;&#8212;&#8212;&#8212;&#8212;&#8212;&#8212;&#8212;&#8212;&#8212;&#8212;&#8212;-<\/p>\n<p>ab 3 \u00dcbernachtungen:<br \/>1 \u2013 2 Personen<br \/>68,00 \u20ac \/ Nacht\u00a0\u00a0 <\/p>\n<p>jede weitere Person zuz\u00fcglich 24,00 \u20ac \/ Nacht\u00a0 <\/p>\n<p>&#8212;&#8212;&#8212;&#8212;&#8212;&#8212;&#8212;&#8212;&#8212;&#8212;&#8212;&#8212;&#8212;&#8212;&#8212;&#8212;&#8212;&#8212;&#8212;&#8212;&#8212;&#8212;&#8212;&#8212;&#8212;&#8212;&#8212;&#8212;&#8212;&#8212;-<\/p>\n<p>1 Woche:<br \/>1 \u2013 2 Personen<br \/>392,00 \u20ac \/ Woche\u00a0 <\/p>\n<p>jede weitere Person zuz\u00fcglich 133,00 \u20ac \/ Woche \u00a0\u00a0 <\/p>\n<p>&#8212;&#8212;&#8212;&#8212;&#8212;&#8212;&#8212;&#8212;&#8212;&#8212;&#8212;&#8212;&#8212;&#8212;&#8212;&#8212;&#8212;&#8212;&#8212;&#8212;&#8212;&#8212;&#8212;&#8212;&#8212;&#8212;&#8212;&#8212;&#8212;&#8212;<\/p>\n\n\n<p><\/p>\n","protected":false},"excerpt":{"rendered":"<p>Die Preise enthalten die Umsatzsteuer. Der Gesamtpreis errechnet sich aus den je nach Aufenthaltsdauer variierenden Mietkosten und aus der Personenanzahl. Bei Direktbuchung (E-Mail oder Telefon) k\u00f6nnen Rabatte gew\u00e4hrt werden. 2 \u00dcbernachtungen:1 \u2013 2 Personen85,00 \u20ac \/ Nacht jede weitere Person zuz\u00fcglich 25,00 \u20ac \/ Nacht \u00a0 &#8212;&#8212;&#8212;&#8212;&#8212;&#8212;&#8212;&#8212;&#8212;&#8212;&#8212;&#8212;&#8212;&#8212;&#8212;&#8212;&#8212;&#8212;&#8212;&#8212;&#8212;&#8212;&#8212;&#8212;&#8212;&#8212;&#8212;&#8212;&#8212;&#8212;- ab 3 \u00dcbernachtungen:1 \u2013 2 Personen68,00 \u20ac \/ [&hellip;]<\/p>\n","protected":false},"author":1,"featured_media":0,"parent":0,"menu_order":0,"comment_status":"closed","ping_status":"open","template":"","meta":{"footnotes":""},"class_list":["post-16","page","type-page","status-publish","hentry"],"_links":{"self":[{"href":"https:\/\/www.fewo-schweicher-mitte.de\/index.php?rest_route=\/wp\/v2\/pages\/16","targetHints":{"allow":["GET"]}}],"collection":[{"href":"https:\/\/www.fewo-schweicher-mitte.de\/index.php?rest_route=\/wp\/v2\/pages"}],"about":[{"href":"https:\/\/www.fewo-schweicher-mitte.de\/index.php?rest_route=\/wp\/v2\/types\/page"}],"author":[{"embeddable":true,"href":"https:\/\/www.fewo-schweicher-mitte.de\/index.php?rest_route=\/wp\/v2\/users\/1"}],"replies":[{"embeddable":true,"href":"https:\/\/www.fewo-schweicher-mitte.de\/index.php?rest_route=%2Fwp%2Fv2%2Fcomments&post=16"}],"version-history":[{"count":13,"href":"https:\/\/www.fewo-schweicher-mitte.de\/index.php?rest_route=\/wp\/v2\/pages\/16\/revisions"}],"predecessor-version":[{"id":412,"href":"https:\/\/www.fewo-schweicher-mitte.de\/index.php?rest_route=\/wp\/v2\/pages\/16\/revisions\/412"}],"wp:attachment":[{"href":"https:\/\/www.fewo-schweicher-mitte.de\/index.php?rest_route=%2Fwp%2Fv2%2Fmedia&parent=16"}],"curies":[{"name":"wp","href":"https:\/\/api.w.org\/{rel}","templated":true}]}}